{"id":11,"date":"2025-11-09T19:37:28","date_gmt":"2025-11-09T18:37:28","guid":{"rendered":"https:\/\/wistosc.pl\/?page_id=11"},"modified":"2025-11-10T18:26:57","modified_gmt":"2025-11-10T17:26:57","slug":"z-messerem","status":"publish","type":"page","link":"https:\/\/wistosc.pl\/?page_id=11","title":{"rendered":"Z MESSEREM"},"content":{"rendered":"<div  id=\"jtg-295\" class=\"modula modula-gallery modula-columns\" data-config=\"{&quot;tabletHeight&quot;:800,&quot;mobileHeight&quot;:800,&quot;desktopHeight&quot;:800,&quot;enableTwitter&quot;:false,&quot;enableWhatsapp&quot;:false,&quot;enableFacebook&quot;:false,&quot;enablePinterest&quot;:false,&quot;enableLinkedin&quot;:false,&quot;enableEmail&quot;:false,&quot;randomFactor&quot;:0.5,&quot;type&quot;:&quot;grid&quot;,&quot;columns&quot;:12,&quot;gutter&quot;:10,&quot;mobileGutter&quot;:10,&quot;tabletGutter&quot;:10,&quot;desktopGutter&quot;:10,&quot;enableResponsive&quot;:true,&quot;tabletColumns&quot;:2,&quot;mobileColumns&quot;:1,&quot;lazyLoad&quot;:0,&quot;lightboxOpts&quot;:{&quot;animated&quot;:true,&quot;Thumbs&quot;:{&quot;type&quot;:&quot;modern&quot;,&quot;showOnStart&quot;:false},&quot;Toolbar&quot;:{&quot;display&quot;:{&quot;right&quot;:[&quot;close&quot;]},&quot;enabled&quot;:true},&quot;Carousel&quot;:{&quot;Panzoom&quot;:{&quot;touch&quot;:true},&quot;infinite&quot;:false},&quot;keyboard&quot;:{&quot;Escape&quot;:&quot;close&quot;,&quot;Delete&quot;:&quot;close&quot;,&quot;Backspace&quot;:&quot;close&quot;,&quot;PageUp&quot;:&quot;next&quot;,&quot;PageDown&quot;:&quot;prev&quot;,&quot;ArrowUp&quot;:&quot;prev&quot;,&quot;ArrowDown&quot;:&quot;next&quot;,&quot;ArrowRight&quot;:&quot;next&quot;,&quot;ArrowLeft&quot;:&quot;prev&quot;},&quot;wheel&quot;:&quot;slide&quot;,&quot;touch&quot;:true,&quot;backdropClick&quot;:&quot;close&quot;,&quot;l10n&quot;:{&quot;CLOSE&quot;:&quot;Close&quot;,&quot;NEXT&quot;:&quot;Next&quot;,&quot;PREV&quot;:&quot;Previous&quot;,&quot;Error&quot;:&quot;The requested content cannot be loaded. Please try again later.&quot;,&quot;PLAY_START&quot;:&quot;Start slideshow&quot;,&quot;PLAY_STOP&quot;:&quot;Pause slideshow&quot;,&quot;FULL_SCREEN&quot;:&quot;Full screen&quot;,&quot;THUMBS&quot;:&quot;Thumbnails&quot;,&quot;DOWNLOAD&quot;:&quot;Download&quot;,&quot;SHARE&quot;:&quot;Share&quot;,&quot;ZOOM&quot;:&quot;Zoom&quot;,&quot;EMAIL&quot;:&quot;Here is the link to the image : %%image_link%% and this is the link to the gallery : %%gallery_link%%&quot;,&quot;MODAL&quot;:&quot;You can close this modal content with the ESC key&quot;,&quot;ERROR&quot;:&quot;Something Went Wrong, Please Try Again Later&quot;,&quot;IMAGE_ERROR&quot;:&quot;Image Not Found&quot;,&quot;ELEMENT_NOT_FOUND&quot;:&quot;HTML Element Not Found&quot;,&quot;AJAX_NOT_FOUND&quot;:&quot;Error Loading AJAX : Not Found&quot;,&quot;AJAX_FORBIDDEN&quot;:&quot;Error Loading AJAX : Forbidden&quot;,&quot;IFRAME_ERROR&quot;:&quot;Error Loading Page&quot;,&quot;TOGGLE_ZOOM&quot;:&quot;Toggle zoom level&quot;,&quot;TOGGLE_THUMBS&quot;:&quot;Toggle thumbnails&quot;,&quot;TOGGLE_SLIDESHOW&quot;:&quot;Toggle slideshow&quot;,&quot;TOGGLE_FULLSCREEN&quot;:&quot;Toggle full-screen mode&quot;},&quot;Images&quot;:{&quot;Panzoom&quot;:{&quot;maxScale&quot;:2}},&quot;mainClass&quot;:&quot;modula-fancybox-container modula-lightbox-jtg-295&quot;,&quot;Html&quot;:{&quot;videoAutoplay&quot;:0,&quot;videoTpl&quot;:&quot;&lt;video class=\\&quot;fancybox__html5video\\&quot; controls muted playsinline controlsList controlsList=\\&quot;nodownload\\&quot; poster=\\&quot;{{poster}}\\&quot; src=\\&quot;{{src}}\\&quot; type=\\&quot;{{format}}\\&quot; &gt;  Sorry, your browser doesn&#039;t support embedded videos, &lt;a href=\\&quot;{{src}}\\&quot;&gt; download &lt;\\\/a&gt; and watch with your favorite video player! &lt;\\\/video&gt;&quot;}},&quot;inView&quot;:false,&quot;email_subject&quot;:&quot;Sprawd\\u017a ten niesamowity obrazek!&quot;,&quot;email_message&quot;:&quot;Oto odno\\u015bnik do obrazka: %%image_link%%, a oto odno\\u015bnik do galerii: %%gallery_link%%&quot;,&quot;grid_type&quot;:&quot;automatic&quot;,&quot;rowHeight&quot;:250,&quot;lastRow&quot;:&quot;justify&quot;,&quot;lightbox&quot;:&quot;fancybox&quot;,&quot;lightbox_devices&quot;:&quot;both&quot;}\">\n\n\t\n\t<div  class=\"modula-items grid-gallery\">\n\t\t<div class=\"modula-item effect-pufrobo\" >\n\t<div class=\"modula-item-overlay\"><\/div>\n\n\t<div class=\"modula-item-content\">\n\n\t\t<a data-image-id=\"114\" role=\"button\" tabindex=\"0\" rel=\"jtg-295\" data-caption=\"\" aria-label=\"Open image in lightbox\" class=\"tile-inner modula-item-link\"><\/a><img loading=\"lazy\" decoding=\"async\" class=\"pic wp-image-114\"  data-valign=\"middle\" data-halign=\"center\" alt=\"\" data-full=\"https:\/\/wistosc.pl\/wp-content\/uploads\/2025\/11\/Jan_Kasper_Messer.jpg\" title=\"Jan_Kasper_Messer\" crop=\"\" width=\"300\" height=\"200\" src=\"https:\/\/wistosc.pl\/wp-content\/uploads\/2025\/11\/Jan_Kasper_Messer-300x200.jpg\" data-src=\"https:\/\/wistosc.pl\/wp-content\/uploads\/2025\/11\/Jan_Kasper_Messer-300x200.jpg\" data-caption=\"\" srcset=\"https:\/\/wistosc.pl\/wp-content\/uploads\/2025\/11\/Jan_Kasper_Messer.jpg 2048w, https:\/\/wistosc.pl\/wp-content\/uploads\/2025\/11\/Jan_Kasper_Messer-300x200.jpg 300w, https:\/\/wistosc.pl\/wp-content\/uploads\/2025\/11\/Jan_Kasper_Messer-1024x683.jpg 1024w, https:\/\/wistosc.pl\/wp-content\/uploads\/2025\/11\/Jan_Kasper_Messer-768x512.jpg 768w, https:\/\/wistosc.pl\/wp-content\/uploads\/2025\/11\/Jan_Kasper_Messer-1536x1024.jpg 1536w, https:\/\/wistosc.pl\/wp-content\/uploads\/2025\/11\/Jan_Kasper_Messer-1620x1080.jpg 1620w\" sizes=\"auto, (max-width: 300px) 100vw, 300px\" \/>\n\t\t<div class=\"figc no-description\">\n\t\t\t<div class=\"figc-inner\">\n\t\t\t\t\t\t\t\t\t\t\t\t\t\t\t<\/div>\n\t\t<\/div>\n\n\t<\/div>\n\n<\/div>\t\t\n\t<\/div>\n\n\t\n\t\n\t<script type=\"application\/ld+json\">\n\t{\n\t\t\"@context\": \"https:\/\/schema.org\",\n\t\t\"@type\"   : \"ImageGallery\",\n\t\t\"id\"      : \"https:\/\/wistosc.pl\/?page_id=11\/#modula-gallery-295\",\n\t\t\"url\"     : \"https:\/\/wistosc.pl\/?page_id=11\/\"\n\t}\n\n\t<\/script>\n\n\t\n<\/div>\n\n\n\n<div style=\"height:34px\" aria-hidden=\"true\" class=\"wp-block-spacer\"><\/div>\n\n\n\n<p class=\"has-black-color has-text-color has-link-color wp-elements-1 wp-block-paragraph\"><strong>Jan Kasper <\/strong>urodzi\u0142 si\u0119 7 lutego 1952 r. w Bielejewie (powiat szamotulski). Uko\u0144czy\u0142 Liceum Og\u00f3lnokszta\u0142c\u0105ce w Szamotu\u0142ach (1971) i filologi\u0119 polsk\u0105 na Uniwersytecie im. A. Mickiewicza w Poznaniu (1976). Przez wiele lat pracowa\u0142 jako nauczyciel w I Liceum Og\u00f3lnokszta\u0142c\u0105cym im. Powsta\u0144c\u00f3w Wlkp. w W\u0105growcu. Zmar\u0142 11 sierpnia 2023 roku. <br><br>Prowadzi\u0142 z\u0142o\u017cony z m\u0142odzie\u017cy licealnej alternatywny <strong>Teatr Pr\u00f3b<\/strong> (1981\u20132013), obecny na licznych festiwalach teatralnych w Polsce i Europie (Grenoble, Saarbr\u00fccken), wyr\u00f3\u017cniony wieloma presti\u017cowymi nagrodami. Najbardziej doceniony by\u0142 spektakl Okna (1994), rozgrywaj\u0105cy si\u0119 w oknach i oszklonych korytarzach gmachu w\u0105growieckiego liceum (budynek z 1872 roku), anga\u017cuj\u0105cy a\u017c 150 wykonawc\u00f3w. Przedstawienie znane by\u0142o z programu <a href=\"https:\/\/archiwum.malta-festival.pl\/performance\/okna\/\" data-type=\"link\" data-id=\"https:\/\/archiwum.malta-festival.pl\/performance\/okna\/\" target=\"_blank\" rel=\"noreferrer noopener\">IV Mi\u0119dzynarodowego Festiwalu Teatralnego Malta w Poznaniu<\/a> (1994).<br><br>T\u0142umaczony na j\u0119zyk niemiecki w antologii Posener Dichter (Poeci pozna\u0144scy), red. Dorothea M\u00fcller-Ott (2008). <br><br>Nale\u017ca\u0142 do pozna\u0144skiego oddzia\u0142u Stowarzyszenia Pisarzy Polskich. Otrzyma\u0142 m.in.: Nagrod\u0119 Ministra Kultury i Sztuki (1988), Medal M\u0142odej Sztuki (1991), Nagrod\u0119 Teatru \u00d3smego Dnia (1994), Symboliczn\u0105 Nagrod\u0119 R. Milczewskiego-Bruna (1999), Srebrny Mikrofon Radia Merkury (2007).<\/p>\n\n\n\n<p class=\"wp-block-paragraph\"><\/p>\n","protected":false},"excerpt":{"rendered":"<p>Jan Kasper urodzi\u0142 si\u0119 7 lutego 1952 r. w Bielejewie (powiat szamotulski). Uko\u0144czy\u0142 Liceum Og\u00f3lnokszta\u0142c\u0105ce w Szamotu\u0142ach (1971) i filologi\u0119 polsk\u0105 na Uniwersytecie im. A. Mickiewicza w Poznaniu (1976). Przez wiele lat pracowa\u0142 jako nauczyciel w I Liceum Og\u00f3lnokszta\u0142c\u0105cym im. Powsta\u0144c\u00f3w Wlkp. w W\u0105growcu. Zmar\u0142 11 sierpnia 2023 roku. Prowadzi\u0142 z\u0142o\u017cony z m\u0142odzie\u017cy licealnej alternatywny&hellip; <br \/> <a class=\"read-more\" href=\"https:\/\/wistosc.pl\/?page_id=11\">Read more<\/a><\/p>\n","protected":false},"author":1,"featured_media":0,"parent":0,"menu_order":0,"comment_status":"closed","ping_status":"closed","template":"","meta":{"footnotes":""},"class_list":["post-11","page","type-page","status-publish","hentry"],"yoast_head":"<!-- This site is optimized with the Yoast SEO plugin v28.4 - https:\/\/yoast.com\/product\/yoast-seo-wordpress\/ -->\n<title>Z MESSEREM - Fundacja Wisto\u015b\u0107 im. Jana Kaspra<\/title>\n<meta name=\"robots\" content=\"index, follow, max-snippet:-1, max-image-preview:large, max-video-preview:-1\" \/>\n<link rel=\"canonical\" href=\"https:\/\/wistosc.pl\/?page_id=11\" \/>\n<meta property=\"og:locale\" content=\"en_US\" \/>\n<meta property=\"og:type\" content=\"article\" \/>\n<meta property=\"og:title\" content=\"Z MESSEREM - Fundacja Wisto\u015b\u0107 im. Jana Kaspra\" \/>\n<meta property=\"og:description\" content=\"Jan Kasper urodzi\u0142 si\u0119 7 lutego 1952 r. w Bielejewie (powiat szamotulski). Uko\u0144czy\u0142 Liceum Og\u00f3lnokszta\u0142c\u0105ce w Szamotu\u0142ach (1971) i filologi\u0119 polsk\u0105 na Uniwersytecie im. A. Mickiewicza w Poznaniu (1976). Przez wiele lat pracowa\u0142 jako nauczyciel w I Liceum Og\u00f3lnokszta\u0142c\u0105cym im. Powsta\u0144c\u00f3w Wlkp. w W\u0105growcu. Zmar\u0142 11 sierpnia 2023 roku. Prowadzi\u0142 z\u0142o\u017cony z m\u0142odzie\u017cy licealnej alternatywny&hellip; Read more\" \/>\n<meta property=\"og:url\" content=\"https:\/\/wistosc.pl\/?page_id=11\" \/>\n<meta property=\"og:site_name\" content=\"Fundacja Wisto\u015b\u0107 im. Jana Kaspra\" \/>\n<meta property=\"article:modified_time\" content=\"2025-11-10T17:26:57+00:00\" \/>\n<meta name=\"twitter:card\" content=\"summary_large_image\" \/>\n<meta name=\"twitter:label1\" content=\"Est. reading time\" \/>\n\t<meta name=\"twitter:data1\" content=\"1 minute\" \/>\n<script type=\"application\/ld+json\" class=\"yoast-schema-graph\">{\"@context\":\"https:\\\/\\\/schema.org\",\"@graph\":[{\"@type\":\"WebPage\",\"@id\":\"https:\\\/\\\/wistosc.pl\\\/?page_id=11\",\"url\":\"https:\\\/\\\/wistosc.pl\\\/?page_id=11\",\"name\":\"Z MESSEREM - Fundacja Wisto\u015b\u0107 im. Jana Kaspra\",\"isPartOf\":{\"@id\":\"https:\\\/\\\/wistosc.pl\\\/#website\"},\"datePublished\":\"2025-11-09T18:37:28+00:00\",\"dateModified\":\"2025-11-10T17:26:57+00:00\",\"breadcrumb\":{\"@id\":\"https:\\\/\\\/wistosc.pl\\\/?page_id=11#breadcrumb\"},\"inLanguage\":\"en-US\",\"potentialAction\":[{\"@type\":\"ReadAction\",\"target\":[\"https:\\\/\\\/wistosc.pl\\\/?page_id=11\"]}]},{\"@type\":\"BreadcrumbList\",\"@id\":\"https:\\\/\\\/wistosc.pl\\\/?page_id=11#breadcrumb\",\"itemListElement\":[{\"@type\":\"ListItem\",\"position\":1,\"name\":\"Strona g\u0142\u00f3wna\",\"item\":\"https:\\\/\\\/wistosc.pl\\\/\"},{\"@type\":\"ListItem\",\"position\":2,\"name\":\"Z MESSEREM\"}]},{\"@type\":\"WebSite\",\"@id\":\"https:\\\/\\\/wistosc.pl\\\/#website\",\"url\":\"https:\\\/\\\/wistosc.pl\\\/\",\"name\":\"Fundacja Wisto\u015b\u0107 im. Jana Kaspra\",\"description\":\"\",\"publisher\":{\"@id\":\"https:\\\/\\\/wistosc.pl\\\/#organization\"},\"potentialAction\":[{\"@type\":\"SearchAction\",\"target\":{\"@type\":\"EntryPoint\",\"urlTemplate\":\"https:\\\/\\\/wistosc.pl\\\/?s={search_term_string}\"},\"query-input\":{\"@type\":\"PropertyValueSpecification\",\"valueRequired\":true,\"valueName\":\"search_term_string\"}}],\"inLanguage\":\"en-US\"},{\"@type\":\"Organization\",\"@id\":\"https:\\\/\\\/wistosc.pl\\\/#organization\",\"name\":\"Fundacja Wisto\u015b\u0107 im. Jana Kaspra\",\"url\":\"https:\\\/\\\/wistosc.pl\\\/\",\"logo\":{\"@type\":\"ImageObject\",\"inLanguage\":\"en-US\",\"@id\":\"https:\\\/\\\/wistosc.pl\\\/#\\\/schema\\\/logo\\\/image\\\/\",\"url\":\"https:\\\/\\\/wistosc.pl\\\/wp-content\\\/uploads\\\/2025\\\/11\\\/cropped-napis_wistosc.png\",\"contentUrl\":\"https:\\\/\\\/wistosc.pl\\\/wp-content\\\/uploads\\\/2025\\\/11\\\/cropped-napis_wistosc.png\",\"width\":843,\"height\":179,\"caption\":\"Fundacja Wisto\u015b\u0107 im. Jana Kaspra\"},\"image\":{\"@id\":\"https:\\\/\\\/wistosc.pl\\\/#\\\/schema\\\/logo\\\/image\\\/\"}}]}<\/script>\n<!-- \/ Yoast SEO plugin. -->","yoast_head_json":{"title":"Z MESSEREM - Fundacja Wisto\u015b\u0107 im. Jana Kaspra","robots":{"index":"index","follow":"follow","max-snippet":"max-snippet:-1","max-image-preview":"max-image-preview:large","max-video-preview":"max-video-preview:-1"},"canonical":"https:\/\/wistosc.pl\/?page_id=11","og_locale":"en_US","og_type":"article","og_title":"Z MESSEREM - Fundacja Wisto\u015b\u0107 im. Jana Kaspra","og_description":"Jan Kasper urodzi\u0142 si\u0119 7 lutego 1952 r. w Bielejewie (powiat szamotulski). Uko\u0144czy\u0142 Liceum Og\u00f3lnokszta\u0142c\u0105ce w Szamotu\u0142ach (1971) i filologi\u0119 polsk\u0105 na Uniwersytecie im. A. Mickiewicza w Poznaniu (1976). Przez wiele lat pracowa\u0142 jako nauczyciel w I Liceum Og\u00f3lnokszta\u0142c\u0105cym im. Powsta\u0144c\u00f3w Wlkp. w W\u0105growcu. Zmar\u0142 11 sierpnia 2023 roku. Prowadzi\u0142 z\u0142o\u017cony z m\u0142odzie\u017cy licealnej alternatywny&hellip; Read more","og_url":"https:\/\/wistosc.pl\/?page_id=11","og_site_name":"Fundacja Wisto\u015b\u0107 im. Jana Kaspra","article_modified_time":"2025-11-10T17:26:57+00:00","twitter_card":"summary_large_image","twitter_misc":{"Est. reading time":"1 minute"},"schema":{"@context":"https:\/\/schema.org","@graph":[{"@type":"WebPage","@id":"https:\/\/wistosc.pl\/?page_id=11","url":"https:\/\/wistosc.pl\/?page_id=11","name":"Z MESSEREM - Fundacja Wisto\u015b\u0107 im. Jana Kaspra","isPartOf":{"@id":"https:\/\/wistosc.pl\/#website"},"datePublished":"2025-11-09T18:37:28+00:00","dateModified":"2025-11-10T17:26:57+00:00","breadcrumb":{"@id":"https:\/\/wistosc.pl\/?page_id=11#breadcrumb"},"inLanguage":"en-US","potentialAction":[{"@type":"ReadAction","target":["https:\/\/wistosc.pl\/?page_id=11"]}]},{"@type":"BreadcrumbList","@id":"https:\/\/wistosc.pl\/?page_id=11#breadcrumb","itemListElement":[{"@type":"ListItem","position":1,"name":"Strona g\u0142\u00f3wna","item":"https:\/\/wistosc.pl\/"},{"@type":"ListItem","position":2,"name":"Z MESSEREM"}]},{"@type":"WebSite","@id":"https:\/\/wistosc.pl\/#website","url":"https:\/\/wistosc.pl\/","name":"Fundacja Wisto\u015b\u0107 im. Jana Kaspra","description":"","publisher":{"@id":"https:\/\/wistosc.pl\/#organization"},"potentialAction":[{"@type":"SearchAction","target":{"@type":"EntryPoint","urlTemplate":"https:\/\/wistosc.pl\/?s={search_term_string}"},"query-input":{"@type":"PropertyValueSpecification","valueRequired":true,"valueName":"search_term_string"}}],"inLanguage":"en-US"},{"@type":"Organization","@id":"https:\/\/wistosc.pl\/#organization","name":"Fundacja Wisto\u015b\u0107 im. Jana Kaspra","url":"https:\/\/wistosc.pl\/","logo":{"@type":"ImageObject","inLanguage":"en-US","@id":"https:\/\/wistosc.pl\/#\/schema\/logo\/image\/","url":"https:\/\/wistosc.pl\/wp-content\/uploads\/2025\/11\/cropped-napis_wistosc.png","contentUrl":"https:\/\/wistosc.pl\/wp-content\/uploads\/2025\/11\/cropped-napis_wistosc.png","width":843,"height":179,"caption":"Fundacja Wisto\u015b\u0107 im. Jana Kaspra"},"image":{"@id":"https:\/\/wistosc.pl\/#\/schema\/logo\/image\/"}}]}},"_links":{"self":[{"href":"https:\/\/wistosc.pl\/index.php?rest_route=\/wp\/v2\/pages\/11","targetHints":{"allow":["GET"]}}],"collection":[{"href":"https:\/\/wistosc.pl\/index.php?rest_route=\/wp\/v2\/pages"}],"about":[{"href":"https:\/\/wistosc.pl\/index.php?rest_route=\/wp\/v2\/types\/page"}],"author":[{"embeddable":true,"href":"https:\/\/wistosc.pl\/index.php?rest_route=\/wp\/v2\/users\/1"}],"replies":[{"embeddable":true,"href":"https:\/\/wistosc.pl\/index.php?rest_route=%2Fwp%2Fv2%2Fcomments&post=11"}],"version-history":[{"count":17,"href":"https:\/\/wistosc.pl\/index.php?rest_route=\/wp\/v2\/pages\/11\/revisions"}],"predecessor-version":[{"id":318,"href":"https:\/\/wistosc.pl\/index.php?rest_route=\/wp\/v2\/pages\/11\/revisions\/318"}],"wp:attachment":[{"href":"https:\/\/wistosc.pl\/index.php?rest_route=%2Fwp%2Fv2%2Fmedia&parent=11"}],"curies":[{"name":"wp","href":"https:\/\/api.w.org\/{rel}","templated":true}]}}