{"id":7,"date":"2025-11-09T19:36:50","date_gmt":"2025-11-09T18:36:50","guid":{"rendered":"https:\/\/wistosc.pl\/?page_id=7"},"modified":"2026-03-02T23:15:55","modified_gmt":"2026-03-02T22:15:55","slug":"dzialamy","status":"publish","type":"page","link":"https:\/\/wistosc.pl\/?page_id=7","title":{"rendered":"DZIA\u0141AMY"},"content":{"rendered":"\n<div class=\"wp-block-columns is-layout-flex wp-container-core-columns-is-layout-8f761849 wp-block-columns-is-layout-flex\">\n<div class=\"wp-block-column is-layout-flow wp-block-column-is-layout-flow\">\n<p class=\"has-black-color has-text-color has-link-color wp-elements-1 wp-block-paragraph\" style=\"font-size:24px\"><mark style=\"background-color:rgba(0, 0, 0, 0)\" class=\"has-inline-color has-luminous-vivid-amber-color\"><strong>POEZJA &#8211; PRZEDMIOT &#8211; PR\u00d3BY<\/strong> <br><\/mark><\/p>\n\n\n\n<p class=\"has-black-color has-text-color has-link-color wp-elements-2 wp-block-paragraph\" style=\"font-size:24px\"><strong><br><em>Warsztaty | spektakl | podcast<\/em><\/strong><\/p>\n<\/div>\n\n\n\n<div class=\"wp-block-column is-layout-flow wp-block-column-is-layout-flow\">\n<p class=\"has-black-color has-text-color has-link-color wp-elements-3 wp-block-paragraph\"><strong>Warsztaty poetycko-teatralne<br>Prowadzenie: Agata Dr\u0105\u017ckiewicz <br><br>M\u0142odzie\u017cowy O\u015brodek Wychowawczy im. Janusza Korczaka w Antoniewie.<\/strong><\/p>\n\n\n\n<p class=\"has-luminous-vivid-amber-color has-text-color has-link-color wp-elements-4 wp-block-paragraph\"><strong>27.09 &#8211; 15.11. 2025<\/strong><\/p>\n<\/div>\n<\/div>\n\n\n\n<div style=\"height:50px\" aria-hidden=\"true\" class=\"wp-block-spacer\"><\/div>\n\n\n\n<p class=\"has-black-color has-text-color has-link-color wp-elements-5 wp-block-paragraph\">W warsztatach bior\u0105 udzia\u0142 wychowankowie z M\u0142odzie\u017cowego O\u015brodka Wychowawczego im. Janusza Korczaka w Antoniewie, uczniowie I Liceum Og\u00f3lnokszta\u0142c\u0105cego, Zespo\u0142u Szk\u00f3\u0142 nr 1 oraz Zesp\u00f3\u0142 Szk\u00f3\u0142 nr 2 w W\u0105growcu. Instruktork\u0105, a zarazem re\u017cyserk\u0105 tego przedsi\u0119wzi\u0119cia jest <strong>Agata Dr\u0105\u017ckiewicz<\/strong>, kiedy\u015b aktorka Teatru Pr\u00f3b, dzi\u015b pedagog, re\u017cyserka i prowadz\u0105ca wielokrotnie nagradzany teatr &#8220;My i&#8230;&#8221;, oraz teatr &#8220;Fuzja&#8221;.<\/p>\n\n\n\n<figure class=\"wp-block-image size-large wp-duotone-rgb777-rgb25521464-1\"><img loading=\"lazy\" decoding=\"async\" width=\"1024\" height=\"479\" src=\"https:\/\/wistosc.pl\/wp-content\/uploads\/2025\/11\/cropped-fundacja_wistosc_dzialamy-1024x479.jpg\" alt=\"\" class=\"wp-image-186\" srcset=\"https:\/\/wistosc.pl\/wp-content\/uploads\/2025\/11\/cropped-fundacja_wistosc_dzialamy-1024x479.jpg 1024w, https:\/\/wistosc.pl\/wp-content\/uploads\/2025\/11\/cropped-fundacja_wistosc_dzialamy-300x140.jpg 300w, https:\/\/wistosc.pl\/wp-content\/uploads\/2025\/11\/cropped-fundacja_wistosc_dzialamy-768x360.jpg 768w, https:\/\/wistosc.pl\/wp-content\/uploads\/2025\/11\/cropped-fundacja_wistosc_dzialamy-1536x719.jpg 1536w, https:\/\/wistosc.pl\/wp-content\/uploads\/2025\/11\/cropped-fundacja_wistosc_dzialamy-1920x899.jpg 1920w, https:\/\/wistosc.pl\/wp-content\/uploads\/2025\/11\/cropped-fundacja_wistosc_dzialamy.jpg 2046w\" sizes=\"auto, (max-width: 1024px) 100vw, 1024px\" \/><\/figure>\n\n\n\n<p class=\"has-black-color has-text-color has-link-color wp-elements-6 wp-block-paragraph\">Uczestnicy spotka\u0144 zostali podzieleni na trzy grupy, kt\u00f3re pracuj\u0105 z takim samym zestawem wybranej poezji i prozy poetyckiej Jana Kaspra. Teksty zosta\u0142y przeanalizowane i zinterpretowane. Cz\u0142onkowie warsztat\u00f3w zastosowali technik\u0119<em><strong><mark style=\"background-color:rgba(0, 0, 0, 0)\" class=\"has-inline-color has-luminous-vivid-amber-color\"> <\/mark><mark style=\"background-color:rgba(0, 0, 0, 0);color:#d6a51f\" class=\"has-inline-color\">black out poetry<\/mark><mark style=\"background-color:rgba(0, 0, 0, 0)\" class=\"has-inline-color has-luminous-vivid-amber-color\"> <\/mark><\/strong><\/em>(zakre\u015blanie cz\u0119\u015bci oryginalnych tekst\u00f3w i tworzenie przez to nowych). W kolejnej cz\u0119\u015bci spotka\u0144 ka\u017cdy z zespo\u0142\u00f3w otrzyma\u0142 inny przedmiot, kt\u00f3ry jest punktem zwrotnym tworzenia etiud teatralnych. Uczestnicy \u0142\u0105cz\u0105 przedmiot ze s\u0142owem, ruchem scenicznym, tworz\u0105c kilkuminutowe etiudy teatralne pokazuj\u0105c swoje historie inspirowane tw\u00f3rczo\u015bci\u0105 Jana Kaspra. <br><br>Celem projektu jest propagowanie tw\u00f3rczo\u015bci poetyckiej i teatralnej Jana Kaspra w\u015br\u00f3d m\u0142odych odbiorc\u00f3w poezji i teatru w powiecie w\u0105growieckim, zainspirowanie do samodzielnych poszukiwa\u0144 literackich oraz integracja m\u0142odzie\u017cy w\u0105growieckich szk\u00f3\u0142 \u015brednich z m\u0142odzie\u017c\u0105 zagro\u017con\u0105 wykluczeniem spo\u0142ecznym.&nbsp;<\/p>\n\n\n\n<p class=\"has-black-color has-text-color has-link-color wp-elements-7 wp-block-paragraph\"><br><\/p>\n\n\n\n<figure class=\"wp-block-image size-large is-resized\"><img loading=\"lazy\" decoding=\"async\" width=\"724\" height=\"1024\" src=\"https:\/\/wistosc.pl\/wp-content\/uploads\/2026\/02\/antoinewo_plakat_korekta-724x1024.jpg\" alt=\"\" class=\"wp-image-386\" style=\"aspect-ratio:0.7070328462524835;width:671px;height:auto\" srcset=\"https:\/\/wistosc.pl\/wp-content\/uploads\/2026\/02\/antoinewo_plakat_korekta-724x1024.jpg 724w, https:\/\/wistosc.pl\/wp-content\/uploads\/2026\/02\/antoinewo_plakat_korekta-212x300.jpg 212w, https:\/\/wistosc.pl\/wp-content\/uploads\/2026\/02\/antoinewo_plakat_korekta-768x1086.jpg 768w, https:\/\/wistosc.pl\/wp-content\/uploads\/2026\/02\/antoinewo_plakat_korekta-1086x1536.jpg 1086w, https:\/\/wistosc.pl\/wp-content\/uploads\/2026\/02\/antoinewo_plakat_korekta-1448x2048.jpg 1448w, https:\/\/wistosc.pl\/wp-content\/uploads\/2026\/02\/antoinewo_plakat_korekta-1024x1448.jpg 1024w, https:\/\/wistosc.pl\/wp-content\/uploads\/2026\/02\/antoinewo_plakat_korekta-764x1080.jpg 764w, https:\/\/wistosc.pl\/wp-content\/uploads\/2026\/02\/antoinewo_plakat_korekta-scaled.jpg 1810w\" sizes=\"auto, (max-width: 724px) 100vw, 724px\" \/><\/figure>\n\n\n\n<p class=\"has-black-color has-text-color has-link-color has-small-font-size wp-elements-8 wp-block-paragraph\">Zadanie wsp\u00f3\u0142finansowane ze \u015brodk\u00f3w Samorz\u0105du Wojew\u00f3dztwa Wielkopolskiego.<\/p>\n\n\n\n<figure class=\"wp-block-image size-large is-resized\"><img loading=\"lazy\" decoding=\"async\" width=\"1024\" height=\"384\" src=\"https:\/\/wistosc.pl\/wp-content\/uploads\/2026\/02\/20220804112002_logotypwojewodztwawielkopolskiegoiherbsamorzaduwojewodztwawielkopolskiego-1024x384.jpg\" alt=\"\" class=\"wp-image-383\" style=\"width:325px;height:auto\" srcset=\"https:\/\/wistosc.pl\/wp-content\/uploads\/2026\/02\/20220804112002_logotypwojewodztwawielkopolskiegoiherbsamorzaduwojewodztwawielkopolskiego-1024x384.jpg 1024w, https:\/\/wistosc.pl\/wp-content\/uploads\/2026\/02\/20220804112002_logotypwojewodztwawielkopolskiegoiherbsamorzaduwojewodztwawielkopolskiego-300x113.jpg 300w, https:\/\/wistosc.pl\/wp-content\/uploads\/2026\/02\/20220804112002_logotypwojewodztwawielkopolskiegoiherbsamorzaduwojewodztwawielkopolskiego-768x288.jpg 768w, https:\/\/wistosc.pl\/wp-content\/uploads\/2026\/02\/20220804112002_logotypwojewodztwawielkopolskiegoiherbsamorzaduwojewodztwawielkopolskiego-1536x576.jpg 1536w, https:\/\/wistosc.pl\/wp-content\/uploads\/2026\/02\/20220804112002_logotypwojewodztwawielkopolskiegoiherbsamorzaduwojewodztwawielkopolskiego.jpg 1920w\" sizes=\"auto, (max-width: 1024px) 100vw, 1024px\" \/><\/figure>\n\n\n\n<p class=\"has-black-color has-text-color has-link-color has-small-font-size wp-elements-9 wp-block-paragraph\"><br><\/p>\n\n\n\n<p class=\"wp-block-paragraph\"><\/p>\n\n\n\n<p class=\"wp-block-paragraph\"><\/p>\n\n\n\n<p class=\"has-text-align-left has-black-color has-text-color has-link-color wp-elements-10 wp-block-paragraph\">To ju\u017c Trzeci Koncert Poezji Jana Kaspra. Niezmiennie w tym samym miejscu &#8211; <\/p>\n\n\n\n<p class=\"has-text-align-left has-black-color has-text-color has-link-color wp-elements-11 wp-block-paragraph\">I LO w W\u0105growcu, ul. Klasztorna 17A. Szczeg\u00f3\u0142y na plakacie.<\/p>\n\n\n\n<p class=\"has-text-align-left wp-block-paragraph\">ZAPRASZAMY.<\/p>\n\n\n\n<figure class=\"wp-block-image size-full is-resized\"><img loading=\"lazy\" decoding=\"async\" width=\"8911\" height=\"12604\" src=\"https:\/\/wistosc.pl\/wp-content\/uploads\/2026\/03\/PLAKAT-KONCERT-POEZJI-2026-8.1-300.png\" alt=\"\" class=\"wp-image-392\" style=\"aspect-ratio:0.7070056155393942;width:659px;height:auto\"\/><\/figure>\n","protected":false},"excerpt":{"rendered":"<p>POEZJA &#8211; PRZEDMIOT &#8211; PR\u00d3BY Warsztaty | spektakl | podcast Warsztaty poetycko-teatralneProwadzenie: Agata Dr\u0105\u017ckiewicz M\u0142odzie\u017cowy O\u015brodek Wychowawczy im. Janusza Korczaka w Antoniewie. 27.09 &#8211; 15.11. 2025 W warsztatach bior\u0105 udzia\u0142 wychowankowie z M\u0142odzie\u017cowego O\u015brodka Wychowawczego im. Janusza Korczaka w Antoniewie, uczniowie I Liceum Og\u00f3lnokszta\u0142c\u0105cego, Zespo\u0142u Szk\u00f3\u0142 nr 1 oraz Zesp\u00f3\u0142 Szk\u00f3\u0142 nr 2 w W\u0105growcu.&hellip; <br \/> <a class=\"read-more\" href=\"https:\/\/wistosc.pl\/?page_id=7\">Read more<\/a><\/p>\n","protected":false},"author":1,"featured_media":0,"parent":0,"menu_order":0,"comment_status":"closed","ping_status":"closed","template":"","meta":{"footnotes":""},"class_list":["post-7","page","type-page","status-publish","hentry"],"yoast_head":"<!-- This site is optimized with the Yoast SEO plugin v28.4 - https:\/\/yoast.com\/product\/yoast-seo-wordpress\/ -->\n<title>DZIA\u0141AMY - Fundacja Wisto\u015b\u0107 im. Jana Kaspra<\/title>\n<meta name=\"robots\" content=\"index, follow, max-snippet:-1, max-image-preview:large, max-video-preview:-1\" \/>\n<link rel=\"canonical\" href=\"https:\/\/wistosc.pl\/?page_id=7\" \/>\n<meta property=\"og:locale\" content=\"en_US\" \/>\n<meta property=\"og:type\" content=\"article\" \/>\n<meta property=\"og:title\" content=\"DZIA\u0141AMY - Fundacja Wisto\u015b\u0107 im. Jana Kaspra\" \/>\n<meta property=\"og:description\" content=\"POEZJA &#8211; PRZEDMIOT &#8211; PR\u00d3BY Warsztaty | spektakl | podcast Warsztaty poetycko-teatralneProwadzenie: Agata Dr\u0105\u017ckiewicz M\u0142odzie\u017cowy O\u015brodek Wychowawczy im. Janusza Korczaka w Antoniewie. 27.09 &#8211; 15.11. 2025 W warsztatach bior\u0105 udzia\u0142 wychowankowie z M\u0142odzie\u017cowego O\u015brodka Wychowawczego im. Janusza Korczaka w Antoniewie, uczniowie I Liceum Og\u00f3lnokszta\u0142c\u0105cego, Zespo\u0142u Szk\u00f3\u0142 nr 1 oraz Zesp\u00f3\u0142 Szk\u00f3\u0142 nr 2 w W\u0105growcu.&hellip; Read more\" \/>\n<meta property=\"og:url\" content=\"https:\/\/wistosc.pl\/?page_id=7\" \/>\n<meta property=\"og:site_name\" content=\"Fundacja Wisto\u015b\u0107 im. Jana Kaspra\" \/>\n<meta property=\"article:modified_time\" content=\"2026-03-02T22:15:55+00:00\" \/>\n<meta property=\"og:image\" content=\"https:\/\/wistosc.pl\/wp-content\/uploads\/2025\/11\/cropped-fundacja_wistosc_dzialamy.jpg\" \/>\n\t<meta property=\"og:image:width\" content=\"2046\" \/>\n\t<meta property=\"og:image:height\" content=\"958\" \/>\n\t<meta property=\"og:image:type\" content=\"image\/jpeg\" \/>\n<meta name=\"twitter:card\" content=\"summary_large_image\" \/>\n<meta name=\"twitter:label1\" content=\"Est. reading time\" \/>\n\t<meta name=\"twitter:data1\" content=\"3 minutes\" \/>\n<script type=\"application\/ld+json\" class=\"yoast-schema-graph\">{\"@context\":\"https:\\\/\\\/schema.org\",\"@graph\":[{\"@type\":\"WebPage\",\"@id\":\"https:\\\/\\\/wistosc.pl\\\/?page_id=7\",\"url\":\"https:\\\/\\\/wistosc.pl\\\/?page_id=7\",\"name\":\"DZIA\u0141AMY - Fundacja Wisto\u015b\u0107 im. Jana Kaspra\",\"isPartOf\":{\"@id\":\"https:\\\/\\\/wistosc.pl\\\/#website\"},\"primaryImageOfPage\":{\"@id\":\"https:\\\/\\\/wistosc.pl\\\/?page_id=7#primaryimage\"},\"image\":{\"@id\":\"https:\\\/\\\/wistosc.pl\\\/?page_id=7#primaryimage\"},\"thumbnailUrl\":\"https:\\\/\\\/wistosc.pl\\\/wp-content\\\/uploads\\\/2025\\\/11\\\/cropped-fundacja_wistosc_dzialamy-1024x479.jpg\",\"datePublished\":\"2025-11-09T18:36:50+00:00\",\"dateModified\":\"2026-03-02T22:15:55+00:00\",\"breadcrumb\":{\"@id\":\"https:\\\/\\\/wistosc.pl\\\/?page_id=7#breadcrumb\"},\"inLanguage\":\"en-US\",\"potentialAction\":[{\"@type\":\"ReadAction\",\"target\":[\"https:\\\/\\\/wistosc.pl\\\/?page_id=7\"]}]},{\"@type\":\"ImageObject\",\"inLanguage\":\"en-US\",\"@id\":\"https:\\\/\\\/wistosc.pl\\\/?page_id=7#primaryimage\",\"url\":\"https:\\\/\\\/wistosc.pl\\\/wp-content\\\/uploads\\\/2025\\\/11\\\/cropped-fundacja_wistosc_dzialamy.jpg\",\"contentUrl\":\"https:\\\/\\\/wistosc.pl\\\/wp-content\\\/uploads\\\/2025\\\/11\\\/cropped-fundacja_wistosc_dzialamy.jpg\",\"width\":2046,\"height\":958},{\"@type\":\"BreadcrumbList\",\"@id\":\"https:\\\/\\\/wistosc.pl\\\/?page_id=7#breadcrumb\",\"itemListElement\":[{\"@type\":\"ListItem\",\"position\":1,\"name\":\"Strona g\u0142\u00f3wna\",\"item\":\"https:\\\/\\\/wistosc.pl\\\/\"},{\"@type\":\"ListItem\",\"position\":2,\"name\":\"DZIA\u0141AMY\"}]},{\"@type\":\"WebSite\",\"@id\":\"https:\\\/\\\/wistosc.pl\\\/#website\",\"url\":\"https:\\\/\\\/wistosc.pl\\\/\",\"name\":\"Fundacja Wisto\u015b\u0107 im. Jana Kaspra\",\"description\":\"\",\"publisher\":{\"@id\":\"https:\\\/\\\/wistosc.pl\\\/#organization\"},\"potentialAction\":[{\"@type\":\"SearchAction\",\"target\":{\"@type\":\"EntryPoint\",\"urlTemplate\":\"https:\\\/\\\/wistosc.pl\\\/?s={search_term_string}\"},\"query-input\":{\"@type\":\"PropertyValueSpecification\",\"valueRequired\":true,\"valueName\":\"search_term_string\"}}],\"inLanguage\":\"en-US\"},{\"@type\":\"Organization\",\"@id\":\"https:\\\/\\\/wistosc.pl\\\/#organization\",\"name\":\"Fundacja Wisto\u015b\u0107 im. Jana Kaspra\",\"url\":\"https:\\\/\\\/wistosc.pl\\\/\",\"logo\":{\"@type\":\"ImageObject\",\"inLanguage\":\"en-US\",\"@id\":\"https:\\\/\\\/wistosc.pl\\\/#\\\/schema\\\/logo\\\/image\\\/\",\"url\":\"https:\\\/\\\/wistosc.pl\\\/wp-content\\\/uploads\\\/2025\\\/11\\\/cropped-napis_wistosc.png\",\"contentUrl\":\"https:\\\/\\\/wistosc.pl\\\/wp-content\\\/uploads\\\/2025\\\/11\\\/cropped-napis_wistosc.png\",\"width\":843,\"height\":179,\"caption\":\"Fundacja Wisto\u015b\u0107 im. Jana Kaspra\"},\"image\":{\"@id\":\"https:\\\/\\\/wistosc.pl\\\/#\\\/schema\\\/logo\\\/image\\\/\"}}]}<\/script>\n<!-- \/ Yoast SEO plugin. -->","yoast_head_json":{"title":"DZIA\u0141AMY - Fundacja Wisto\u015b\u0107 im. Jana Kaspra","robots":{"index":"index","follow":"follow","max-snippet":"max-snippet:-1","max-image-preview":"max-image-preview:large","max-video-preview":"max-video-preview:-1"},"canonical":"https:\/\/wistosc.pl\/?page_id=7","og_locale":"en_US","og_type":"article","og_title":"DZIA\u0141AMY - Fundacja Wisto\u015b\u0107 im. Jana Kaspra","og_description":"POEZJA &#8211; PRZEDMIOT &#8211; PR\u00d3BY Warsztaty | spektakl | podcast Warsztaty poetycko-teatralneProwadzenie: Agata Dr\u0105\u017ckiewicz M\u0142odzie\u017cowy O\u015brodek Wychowawczy im. Janusza Korczaka w Antoniewie. 27.09 &#8211; 15.11. 2025 W warsztatach bior\u0105 udzia\u0142 wychowankowie z M\u0142odzie\u017cowego O\u015brodka Wychowawczego im. Janusza Korczaka w Antoniewie, uczniowie I Liceum Og\u00f3lnokszta\u0142c\u0105cego, Zespo\u0142u Szk\u00f3\u0142 nr 1 oraz Zesp\u00f3\u0142 Szk\u00f3\u0142 nr 2 w W\u0105growcu.&hellip; Read more","og_url":"https:\/\/wistosc.pl\/?page_id=7","og_site_name":"Fundacja Wisto\u015b\u0107 im. Jana Kaspra","article_modified_time":"2026-03-02T22:15:55+00:00","og_image":[{"width":2046,"height":958,"url":"https:\/\/wistosc.pl\/wp-content\/uploads\/2025\/11\/cropped-fundacja_wistosc_dzialamy.jpg","type":"image\/jpeg"}],"twitter_card":"summary_large_image","twitter_misc":{"Est. reading time":"3 minutes"},"schema":{"@context":"https:\/\/schema.org","@graph":[{"@type":"WebPage","@id":"https:\/\/wistosc.pl\/?page_id=7","url":"https:\/\/wistosc.pl\/?page_id=7","name":"DZIA\u0141AMY - Fundacja Wisto\u015b\u0107 im. Jana Kaspra","isPartOf":{"@id":"https:\/\/wistosc.pl\/#website"},"primaryImageOfPage":{"@id":"https:\/\/wistosc.pl\/?page_id=7#primaryimage"},"image":{"@id":"https:\/\/wistosc.pl\/?page_id=7#primaryimage"},"thumbnailUrl":"https:\/\/wistosc.pl\/wp-content\/uploads\/2025\/11\/cropped-fundacja_wistosc_dzialamy-1024x479.jpg","datePublished":"2025-11-09T18:36:50+00:00","dateModified":"2026-03-02T22:15:55+00:00","breadcrumb":{"@id":"https:\/\/wistosc.pl\/?page_id=7#breadcrumb"},"inLanguage":"en-US","potentialAction":[{"@type":"ReadAction","target":["https:\/\/wistosc.pl\/?page_id=7"]}]},{"@type":"ImageObject","inLanguage":"en-US","@id":"https:\/\/wistosc.pl\/?page_id=7#primaryimage","url":"https:\/\/wistosc.pl\/wp-content\/uploads\/2025\/11\/cropped-fundacja_wistosc_dzialamy.jpg","contentUrl":"https:\/\/wistosc.pl\/wp-content\/uploads\/2025\/11\/cropped-fundacja_wistosc_dzialamy.jpg","width":2046,"height":958},{"@type":"BreadcrumbList","@id":"https:\/\/wistosc.pl\/?page_id=7#breadcrumb","itemListElement":[{"@type":"ListItem","position":1,"name":"Strona g\u0142\u00f3wna","item":"https:\/\/wistosc.pl\/"},{"@type":"ListItem","position":2,"name":"DZIA\u0141AMY"}]},{"@type":"WebSite","@id":"https:\/\/wistosc.pl\/#website","url":"https:\/\/wistosc.pl\/","name":"Fundacja Wisto\u015b\u0107 im. Jana Kaspra","description":"","publisher":{"@id":"https:\/\/wistosc.pl\/#organization"},"potentialAction":[{"@type":"SearchAction","target":{"@type":"EntryPoint","urlTemplate":"https:\/\/wistosc.pl\/?s={search_term_string}"},"query-input":{"@type":"PropertyValueSpecification","valueRequired":true,"valueName":"search_term_string"}}],"inLanguage":"en-US"},{"@type":"Organization","@id":"https:\/\/wistosc.pl\/#organization","name":"Fundacja Wisto\u015b\u0107 im. Jana Kaspra","url":"https:\/\/wistosc.pl\/","logo":{"@type":"ImageObject","inLanguage":"en-US","@id":"https:\/\/wistosc.pl\/#\/schema\/logo\/image\/","url":"https:\/\/wistosc.pl\/wp-content\/uploads\/2025\/11\/cropped-napis_wistosc.png","contentUrl":"https:\/\/wistosc.pl\/wp-content\/uploads\/2025\/11\/cropped-napis_wistosc.png","width":843,"height":179,"caption":"Fundacja Wisto\u015b\u0107 im. Jana Kaspra"},"image":{"@id":"https:\/\/wistosc.pl\/#\/schema\/logo\/image\/"}}]}},"_links":{"self":[{"href":"https:\/\/wistosc.pl\/index.php?rest_route=\/wp\/v2\/pages\/7","targetHints":{"allow":["GET"]}}],"collection":[{"href":"https:\/\/wistosc.pl\/index.php?rest_route=\/wp\/v2\/pages"}],"about":[{"href":"https:\/\/wistosc.pl\/index.php?rest_route=\/wp\/v2\/types\/page"}],"author":[{"embeddable":true,"href":"https:\/\/wistosc.pl\/index.php?rest_route=\/wp\/v2\/users\/1"}],"replies":[{"embeddable":true,"href":"https:\/\/wistosc.pl\/index.php?rest_route=%2Fwp%2Fv2%2Fcomments&post=7"}],"version-history":[{"count":56,"href":"https:\/\/wistosc.pl\/index.php?rest_route=\/wp\/v2\/pages\/7\/revisions"}],"predecessor-version":[{"id":396,"href":"https:\/\/wistosc.pl\/index.php?rest_route=\/wp\/v2\/pages\/7\/revisions\/396"}],"wp:attachment":[{"href":"https:\/\/wistosc.pl\/index.php?rest_route=%2Fwp%2Fv2%2Fmedia&parent=7"}],"curies":[{"name":"wp","href":"https:\/\/api.w.org\/{rel}","templated":true}]}}